{"id":126,"date":"2025-08-26T11:17:19","date_gmt":"2025-08-26T11:17:19","guid":{"rendered":"http:\/\/lmsanchezgil.com\/?page_id=126"},"modified":"2026-03-24T12:10:26","modified_gmt":"2026-03-24T12:10:26","slug":"investigacion","status":"publish","type":"page","link":"http:\/\/lmsanchezgil.com\/?page_id=126","title":{"rendered":"Investigaci\u00f3n"},"content":{"rendered":"\n<div class=\"wp-block-columns is-layout-flex wp-container-core-columns-is-layout-28f84493 wp-block-columns-is-layout-flex\">\n<div class=\"wp-block-column is-layout-flow wp-block-column-is-layout-flow\">\n<div class=\"wp-block-cover\"><img loading=\"lazy\" decoding=\"async\" width=\"1024\" height=\"683\" class=\"wp-block-cover__image-background wp-image-128 size-large\" alt=\"\" src=\"http:\/\/lmsanchezgil.com\/wp-content\/uploads\/2025\/08\/Eventos-1024x683.png\" data-object-fit=\"cover\" srcset=\"http:\/\/lmsanchezgil.com\/wp-content\/uploads\/2025\/08\/Eventos-1024x683.png 1024w, http:\/\/lmsanchezgil.com\/wp-content\/uploads\/2025\/08\/Eventos-300x200.png 300w, http:\/\/lmsanchezgil.com\/wp-content\/uploads\/2025\/08\/Eventos-768x512.png 768w, http:\/\/lmsanchezgil.com\/wp-content\/uploads\/2025\/08\/Eventos.png 1536w\" sizes=\"auto, (max-width: 1024px) 100vw, 1024px\" \/><span aria-hidden=\"true\" class=\"wp-block-cover__background has-background-dim\" style=\"background-color:#6a5955\"><\/span><div class=\"wp-block-cover__inner-container is-layout-flow wp-block-cover-is-layout-flow\">\n<p class=\"has-text-align-center has-large-font-size\"><a href=\"#eventos\" data-type=\"internal\" data-id=\"#eventos\">EVENTOS<\/a><\/p>\n<\/div><\/div>\n<\/div>\n\n\n\n<div class=\"wp-block-column is-layout-flow wp-block-column-is-layout-flow\">\n<div class=\"wp-block-cover\"><img loading=\"lazy\" decoding=\"async\" width=\"1024\" height=\"683\" class=\"wp-block-cover__image-background wp-image-135 size-large\" alt=\"\" src=\"http:\/\/lmsanchezgil.com\/wp-content\/uploads\/2025\/08\/Grupos-de-investigacion-1024x683.png\" data-object-fit=\"cover\" srcset=\"http:\/\/lmsanchezgil.com\/wp-content\/uploads\/2025\/08\/Grupos-de-investigacion-1024x683.png 1024w, http:\/\/lmsanchezgil.com\/wp-content\/uploads\/2025\/08\/Grupos-de-investigacion-300x200.png 300w, http:\/\/lmsanchezgil.com\/wp-content\/uploads\/2025\/08\/Grupos-de-investigacion-768x512.png 768w, http:\/\/lmsanchezgil.com\/wp-content\/uploads\/2025\/08\/Grupos-de-investigacion.png 1536w\" sizes=\"auto, (max-width: 1024px) 100vw, 1024px\" \/><span aria-hidden=\"true\" class=\"wp-block-cover__background has-background-dim\" style=\"background-color:#85776f\"><\/span><div class=\"wp-block-cover__inner-container is-layout-flow wp-block-cover-is-layout-flow\">\n<p class=\"has-text-align-center has-large-font-size\"><a href=\"#grupos-y-proyectos\">GRUPOS Y PROYECTOS<\/a><\/p>\n<\/div><\/div>\n<\/div>\n<\/div>\n\n\n\n<div class=\"wp-block-columns is-layout-flex wp-container-core-columns-is-layout-28f84493 wp-block-columns-is-layout-flex\">\n<div class=\"wp-block-column is-layout-flow wp-block-column-is-layout-flow\">\n<div class=\"wp-block-cover\"><img loading=\"lazy\" decoding=\"async\" width=\"1024\" height=\"683\" class=\"wp-block-cover__image-background wp-image-136 size-large\" alt=\"\" src=\"http:\/\/lmsanchezgil.com\/wp-content\/uploads\/2025\/08\/Libros-1024x683.png\" data-object-fit=\"cover\" srcset=\"http:\/\/lmsanchezgil.com\/wp-content\/uploads\/2025\/08\/Libros-1024x683.png 1024w, http:\/\/lmsanchezgil.com\/wp-content\/uploads\/2025\/08\/Libros-300x200.png 300w, http:\/\/lmsanchezgil.com\/wp-content\/uploads\/2025\/08\/Libros-768x512.png 768w, http:\/\/lmsanchezgil.com\/wp-content\/uploads\/2025\/08\/Libros.png 1536w\" sizes=\"auto, (max-width: 1024px) 100vw, 1024px\" \/><span aria-hidden=\"true\" class=\"wp-block-cover__background has-background-dim\" style=\"background-color:#6b5e52\"><\/span><div class=\"wp-block-cover__inner-container is-layout-flow wp-block-cover-is-layout-flow\">\n<p class=\"has-text-align-center has-large-font-size\"><a href=\"#libros\" data-type=\"internal\" data-id=\"#libros\">LIBROS<\/a><\/p>\n<\/div><\/div>\n<\/div>\n\n\n\n<div class=\"wp-block-column is-layout-flow wp-block-column-is-layout-flow\">\n<div class=\"wp-block-cover\"><img loading=\"lazy\" decoding=\"async\" width=\"1024\" height=\"683\" class=\"wp-block-cover__image-background wp-image-127\" alt=\"\" src=\"http:\/\/lmsanchezgil.com\/wp-content\/uploads\/2025\/08\/Investigacion-1024x683.png\" data-object-fit=\"cover\" srcset=\"http:\/\/lmsanchezgil.com\/wp-content\/uploads\/2025\/08\/Investigacion-1024x683.png 1024w, http:\/\/lmsanchezgil.com\/wp-content\/uploads\/2025\/08\/Investigacion-300x200.png 300w, http:\/\/lmsanchezgil.com\/wp-content\/uploads\/2025\/08\/Investigacion-768x512.png 768w, http:\/\/lmsanchezgil.com\/wp-content\/uploads\/2025\/08\/Investigacion.png 1536w\" sizes=\"auto, (max-width: 1024px) 100vw, 1024px\" \/><span aria-hidden=\"true\" class=\"wp-block-cover__background has-background-dim\"><\/span><div class=\"wp-block-cover__inner-container is-layout-flow wp-block-cover-is-layout-flow\">\n<p class=\"has-text-align-center has-large-font-size\"><a href=\"#articulos-academicos\">ART\u00cdCULOS<\/a><\/p>\n<\/div><\/div>\n<\/div>\n<\/div>\n\n\n\n<div style=\"height:20px\" aria-hidden=\"true\" class=\"wp-block-spacer\"><\/div>\n\n\n\n<h2 class=\"wp-block-heading has-secondary-color has-text-color has-link-color wp-elements-d8037a36b41095c0302a90717caa11bf\" id=\"eventos\">Eventos<\/h2>\n\n\n\n<h3 class=\"wp-block-heading has-primary-color has-text-color has-link-color wp-elements-443f7685d8165f5234247823279e350a\">Congresos, simposios, seminarios y jornadas<\/h3>\n\n\n\n<div style=\"height:10px\" aria-hidden=\"true\" class=\"wp-block-spacer\"><\/div>\n\n\n\n<h4 class=\"wp-block-heading\">A\u00f1o <strong>2026<\/strong><\/h4>\n\n\n\n<div style=\"height:10px\" aria-hidden=\"true\" class=\"wp-block-spacer\"><\/div>\n\n\n\n<h5 class=\"wp-block-heading\"><strong>Mayo<\/strong><\/h5>\n\n\n\n<div style=\"height:10px\" aria-hidden=\"true\" class=\"wp-block-spacer\"><\/div>\n\n\n\n<div class=\"wp-block-media-text is-stacked-on-mobile\" style=\"grid-template-columns:15% auto\"><figure class=\"wp-block-media-text__media\"><img loading=\"lazy\" decoding=\"async\" width=\"512\" height=\"512\" src=\"http:\/\/lmsanchezgil.com\/wp-content\/uploads\/2025\/08\/calendar_21.png\" alt=\"\" class=\"wp-image-163 size-full\" srcset=\"http:\/\/lmsanchezgil.com\/wp-content\/uploads\/2025\/08\/calendar_21.png 512w, http:\/\/lmsanchezgil.com\/wp-content\/uploads\/2025\/08\/calendar_21-300x300.png 300w, http:\/\/lmsanchezgil.com\/wp-content\/uploads\/2025\/08\/calendar_21-150x150.png 150w\" sizes=\"auto, (max-width: 512px) 100vw, 512px\" \/><\/figure><div class=\"wp-block-media-text__content\">\n<details class=\"wp-block-details is-layout-flow wp-block-details-is-layout-flow\"><summary><strong><strong><strong>Conferencia \u00abUna inteligencia para los retos del siglo XXI\u00bb<\/strong><\/strong><\/strong><\/summary>\n<p>Organizador: Sociedad Espa\u00f1ola de Criminolog\u00eda y Ciencias Forenses<br>Lugar: Biblioteca de Castilla y Le\u00f3n, Valladolid (Espa\u00f1a)<br>Hora: 19:30 h.<br>M\u00e1s informaci\u00f3n: gabinetedecomunicacion@seccif.es<\/p>\n<\/details>\n<\/div><\/div>\n\n\n\n<div style=\"height:10px\" aria-hidden=\"true\" class=\"wp-block-spacer\"><\/div>\n\n\n\n<h5 class=\"wp-block-heading\"><strong>Marzo<\/strong><\/h5>\n\n\n\n<div style=\"height:10px\" aria-hidden=\"true\" class=\"wp-block-spacer\"><\/div>\n\n\n\n<div class=\"wp-block-media-text is-stacked-on-mobile\" style=\"grid-template-columns:15% auto\"><figure class=\"wp-block-media-text__media\"><img loading=\"lazy\" decoding=\"async\" width=\"512\" height=\"512\" src=\"http:\/\/lmsanchezgil.com\/wp-content\/uploads\/2025\/08\/calendar_12.png\" alt=\"\" class=\"wp-image-154 size-full\" srcset=\"http:\/\/lmsanchezgil.com\/wp-content\/uploads\/2025\/08\/calendar_12.png 512w, http:\/\/lmsanchezgil.com\/wp-content\/uploads\/2025\/08\/calendar_12-300x300.png 300w, http:\/\/lmsanchezgil.com\/wp-content\/uploads\/2025\/08\/calendar_12-150x150.png 150w\" sizes=\"auto, (max-width: 512px) 100vw, 512px\" \/><\/figure><div class=\"wp-block-media-text__content\">\n<details class=\"wp-block-details is-layout-flow wp-block-details-is-layout-flow\"><summary><strong><strong>XV Foro de Expertos y J\u00f3venes Investigadores en Derecho Nuevas Tecnolog\u00edas (FODERTICS)<\/strong><\/strong><\/summary>\n<p>Mesa: \u00abIA ag\u00e9ntica y justicia III\u00bb<br>Organizador: Universidad de Salamanca<br>Lugar: Sal\u00f3n de Grados, Facultad de Derecho, Salamanca (Espa\u00f1a)<br>Hora: 16:00 h.<br>Inscripci\u00f3n:\u00a0<a href=\"https:\/\/vaporetto.usal.es\/preactform\/detalleCurso?codigo_curso=6604&amp;ano_academico=2026&amp;convocatoria=1\" target=\"_blank\" rel=\"noreferrer noopener\">aqu\u00ed<\/a><\/p>\n<\/details>\n<\/div><\/div>\n\n\n\n<div style=\"height:10px\" aria-hidden=\"true\" class=\"wp-block-spacer\"><\/div>\n\n\n\n<h4 class=\"wp-block-heading\">A\u00f1o <strong>2025<\/strong><\/h4>\n\n\n\n<div style=\"height:10px\" aria-hidden=\"true\" class=\"wp-block-spacer\"><\/div>\n\n\n\n<h5 class=\"wp-block-heading\"><strong>Octubre<\/strong><\/h5>\n\n\n\n<div style=\"height:10px\" aria-hidden=\"true\" class=\"wp-block-spacer\"><\/div>\n\n\n\n<div class=\"wp-block-media-text is-stacked-on-mobile\" style=\"grid-template-columns:15% auto\"><figure class=\"wp-block-media-text__media\"><img loading=\"lazy\" decoding=\"async\" width=\"512\" height=\"512\" src=\"http:\/\/lmsanchezgil.com\/wp-content\/uploads\/2025\/08\/calendar_8.png\" alt=\"\" class=\"wp-image-150 size-full\" srcset=\"http:\/\/lmsanchezgil.com\/wp-content\/uploads\/2025\/08\/calendar_8.png 512w, http:\/\/lmsanchezgil.com\/wp-content\/uploads\/2025\/08\/calendar_8-300x300.png 300w, http:\/\/lmsanchezgil.com\/wp-content\/uploads\/2025\/08\/calendar_8-150x150.png 150w\" sizes=\"auto, (max-width: 512px) 100vw, 512px\" \/><\/figure><div class=\"wp-block-media-text__content\">\n<details class=\"wp-block-details is-layout-flow wp-block-details-is-layout-flow\"><summary><strong>Retoraya. Del reto a la oportunidad: personas, comunidad y empleo frente al reto demogr\u00e1fico<\/strong> <\/summary>\n<p>Mesa redonda: \u00abEmpleo y emprendimiento para repoblar el medio rural\u00bb<br>Organizador: Fundaci\u00f3n Intras<br>Lugar: Sal\u00f3n de Actos del Ayto. de Fermoselle, Zamora (Espa\u00f1a)<br>Hora: 10:00 h.<br>Inscripci\u00f3n <a href=\"https:\/\/docs.google.com\/forms\/d\/e\/1FAIpQLSfWVxPru-yGrAW4PN5QrdaPH1Wp5WNq7__tNcQklETJKiRedA\/viewform\" target=\"_blank\" rel=\"noreferrer noopener\">aqu\u00ed<\/a><\/p>\n<\/details>\n<\/div><\/div>\n\n\n\n<div style=\"height:10px\" aria-hidden=\"true\" class=\"wp-block-spacer\"><\/div>\n\n\n\n<h5 class=\"wp-block-heading\"><strong>Septiembre<\/strong><\/h5>\n\n\n\n<div class=\"wp-block-media-text is-stacked-on-mobile\" style=\"grid-template-columns:15% auto\"><figure class=\"wp-block-media-text__media\"><img loading=\"lazy\" decoding=\"async\" width=\"512\" height=\"512\" src=\"http:\/\/lmsanchezgil.com\/wp-content\/uploads\/2025\/08\/calendar_18.png\" alt=\"\" class=\"wp-image-160 size-full\" srcset=\"http:\/\/lmsanchezgil.com\/wp-content\/uploads\/2025\/08\/calendar_18.png 512w, http:\/\/lmsanchezgil.com\/wp-content\/uploads\/2025\/08\/calendar_18-300x300.png 300w, http:\/\/lmsanchezgil.com\/wp-content\/uploads\/2025\/08\/calendar_18-150x150.png 150w\" sizes=\"auto, (max-width: 512px) 100vw, 512px\" \/><\/figure><div class=\"wp-block-media-text__content\">\n<details class=\"wp-block-details is-layout-flow wp-block-details-is-layout-flow\"><summary><strong>Summer School Blockchain<\/strong><\/summary>\n<p>Conferencia: \u00abInstrumentos de prevenci\u00f3n del uso de blockchain para la financiaci\u00f3n del terrorismo\u00bb<br>Organizador:  Grupo de Investigaci\u00f3n BISITE (Universidad de Salamanca) e Instituto Nacional de Ciberseguridad (INCIBE)<br>Lugar: Centro Internacional del Espa\u00f1ol, Salamanca (Espa\u00f1a)<br>Hora: 13:30 h.<br>Inscripci\u00f3n <a href=\"https:\/\/cyberchain.usal.es\/csdtsummerschool\" target=\"_blank\" rel=\"noreferrer noopener\">aqu\u00ed<\/a><\/p>\n<\/details>\n<\/div><\/div>\n\n\n\n<div style=\"height:10px\" aria-hidden=\"true\" class=\"wp-block-spacer\"><\/div>\n\n\n\n<h5 class=\"wp-block-heading\"><strong>Agosto<\/strong><\/h5>\n\n\n\n<div class=\"wp-block-media-text is-stacked-on-mobile\" style=\"grid-template-columns:15% auto\"><figure class=\"wp-block-media-text__media\"><img loading=\"lazy\" decoding=\"async\" width=\"512\" height=\"512\" src=\"http:\/\/lmsanchezgil.com\/wp-content\/uploads\/2025\/08\/calendar_22.png\" alt=\"\" class=\"wp-image-164 size-full\" srcset=\"http:\/\/lmsanchezgil.com\/wp-content\/uploads\/2025\/08\/calendar_22.png 512w, http:\/\/lmsanchezgil.com\/wp-content\/uploads\/2025\/08\/calendar_22-300x300.png 300w, http:\/\/lmsanchezgil.com\/wp-content\/uploads\/2025\/08\/calendar_22-150x150.png 150w\" sizes=\"auto, (max-width: 512px) 100vw, 512px\" \/><\/figure><div class=\"wp-block-media-text__content\">\n<details class=\"wp-block-details is-layout-flow wp-block-details-is-layout-flow\"><summary><strong><strong>V Simposio Lationoamericano de Victimolog\u00eda<\/strong><\/strong><\/summary>\n<p>Conferencia: \u00abConsideraciones psico-criminol\u00f3gicas del tratamiento de las v\u00edctimas del terrorismo en Espa\u00f1a\u00bb<br>Organizador: Instituto Internacional de Victimolog\u00eda, Ciencias Jur\u00eddicas y Forenses&nbsp;<em>In dubio pro&nbsp;victimae<\/em>&nbsp;(INDUPROVIC)<br>Lugar: Huaraz, Ancash (Per\u00fa)<br>Hora: 12:00 h. (19:00 h. Espa\u00f1a)<br>Inscripci\u00f3n <a href=\"https:\/\/forms.gle\/iJ5ofnkUQZuVesXe9\" target=\"_blank\" rel=\"noreferrer noopener\">aqu\u00ed<\/a><\/p>\n<\/details>\n<\/div><\/div>\n\n\n\n<div style=\"height:5px\" aria-hidden=\"true\" class=\"wp-block-spacer\"><\/div>\n\n\n\n<h5 class=\"wp-block-heading\"><strong>Julio<\/strong><\/h5>\n\n\n\n<div class=\"wp-block-media-text is-stacked-on-mobile\" style=\"grid-template-columns:15% auto\"><figure class=\"wp-block-media-text__media\"><img loading=\"lazy\" decoding=\"async\" width=\"512\" height=\"512\" src=\"http:\/\/lmsanchezgil.com\/wp-content\/uploads\/2025\/08\/calendar_29.png\" alt=\"\" class=\"wp-image-171 size-full\" srcset=\"http:\/\/lmsanchezgil.com\/wp-content\/uploads\/2025\/08\/calendar_29.png 512w, http:\/\/lmsanchezgil.com\/wp-content\/uploads\/2025\/08\/calendar_29-300x300.png 300w, http:\/\/lmsanchezgil.com\/wp-content\/uploads\/2025\/08\/calendar_29-150x150.png 150w\" sizes=\"auto, (max-width: 512px) 100vw, 512px\" \/><\/figure><div class=\"wp-block-media-text__content\">\n<details class=\"wp-block-details is-layout-flow wp-block-details-is-layout-flow\"><summary><strong><strong>V Simposio Internacional de Especialistas en Derecho e IA<\/strong><\/strong><\/summary>\n<p>Conferencia: \u00abIoB y neuroderechos\u00bb<br>Organizador: Universidad de Buenos Aires, Universidad De Santiago de Compostela y Universidad de Salamanca<br>Lugar: online<br>Hora: 15:00 h. (20:00 h. Espa\u00f1a)<\/p>\n<\/details>\n<\/div><\/div>\n\n\n\n<div style=\"height:5px\" aria-hidden=\"true\" class=\"wp-block-spacer\"><\/div>\n\n\n\n<h5 class=\"wp-block-heading\"><strong>Junio<\/strong><\/h5>\n\n\n\n<div class=\"wp-block-media-text is-stacked-on-mobile\" style=\"grid-template-columns:15% auto\"><figure class=\"wp-block-media-text__media\"><img loading=\"lazy\" decoding=\"async\" width=\"512\" height=\"512\" src=\"http:\/\/lmsanchezgil.com\/wp-content\/uploads\/2025\/08\/calendar_29.png\" alt=\"\" class=\"wp-image-171 size-full\" srcset=\"http:\/\/lmsanchezgil.com\/wp-content\/uploads\/2025\/08\/calendar_29.png 512w, http:\/\/lmsanchezgil.com\/wp-content\/uploads\/2025\/08\/calendar_29-300x300.png 300w, http:\/\/lmsanchezgil.com\/wp-content\/uploads\/2025\/08\/calendar_29-150x150.png 150w\" sizes=\"auto, (max-width: 512px) 100vw, 512px\" \/><\/figure><div class=\"wp-block-media-text__content\">\n<details class=\"wp-block-details is-layout-flow wp-block-details-is-layout-flow\"><summary><strong><strong>IV Jornadas de Aprendizaje-Servicio USAL:<\/strong><\/strong> <strong>Aportando a la sociedad, aprendiendo desde la necesidad<\/strong><\/summary>\n<p>Conferencia: \u00abEVALUA-R: Evaluaci\u00f3n de Resultados del Proyecto Ranquines\u00bb<br>Organizador: Universidad de Salamanca<br>Lugar: Aula Unamuno, Edificio de Escuelas Mayores, Universidad de Salamanca, Salamanca (Espa\u00f1a)<br>Hora: 10:15 h.<br>Inscripci\u00f3n <a href=\"https:\/\/eventum.usal.es\/137104\/detail\/iv-jornadas-de-aprendizaje-servicio-en-la-usal.html#\" target=\"_blank\" rel=\"noreferrer noopener\">aqu\u00ed<\/a><\/p>\n<\/details>\n<\/div><\/div>\n\n\n\n<div style=\"height:5px\" aria-hidden=\"true\" class=\"wp-block-spacer\"><\/div>\n\n\n\n<h5 class=\"wp-block-heading\"><strong>Mayo<\/strong><\/h5>\n\n\n\n<div class=\"wp-block-media-text is-stacked-on-mobile\" style=\"grid-template-columns:15% auto\"><figure class=\"wp-block-media-text__media\"><img loading=\"lazy\" decoding=\"async\" width=\"512\" height=\"512\" src=\"http:\/\/lmsanchezgil.com\/wp-content\/uploads\/2025\/08\/calendar_30.png\" alt=\"\" class=\"wp-image-172 size-full\" srcset=\"http:\/\/lmsanchezgil.com\/wp-content\/uploads\/2025\/08\/calendar_30.png 512w, http:\/\/lmsanchezgil.com\/wp-content\/uploads\/2025\/08\/calendar_30-300x300.png 300w, http:\/\/lmsanchezgil.com\/wp-content\/uploads\/2025\/08\/calendar_30-150x150.png 150w\" sizes=\"auto, (max-width: 512px) 100vw, 512px\" \/><\/figure><div class=\"wp-block-media-text__content\">\n<details class=\"wp-block-details is-layout-flow wp-block-details-is-layout-flow\"><summary><strong><strong>XIV F\u00f3rum Internacional de Expertos y J\u00f3venes Investigadores en Derecho y Nuevas Tecnolog\u00edas (FODERTICS)<\/strong><\/strong><\/summary>\n<p>Conferencia: \u00abNeuroderechos y sistemas de IA de alto riesgo aplicados al \u00e1mbito laboral\u00bb<br>Organizador: Universidad de Salamanca<br>Lugar: Sal\u00f3n de Grados de la Facultad de Derecho, Universidad de Salamanca, Salamanca (Espa\u00f1a)<br>Hora: 12:00 h.<br>Inscripci\u00f3n <a href=\"https:\/\/fodertics.usal.es\/#registro\" target=\"_blank\" rel=\"noreferrer noopener\">aqu\u00ed<\/a><\/p>\n<\/details>\n<\/div><\/div>\n\n\n\n<div class=\"wp-block-media-text is-stacked-on-mobile\" style=\"grid-template-columns:15% auto\"><figure class=\"wp-block-media-text__media\"><img loading=\"lazy\" decoding=\"async\" width=\"512\" height=\"512\" src=\"http:\/\/lmsanchezgil.com\/wp-content\/uploads\/2025\/08\/calendar_7.png\" alt=\"\" class=\"wp-image-149 size-full\" srcset=\"http:\/\/lmsanchezgil.com\/wp-content\/uploads\/2025\/08\/calendar_7.png 512w, http:\/\/lmsanchezgil.com\/wp-content\/uploads\/2025\/08\/calendar_7-300x300.png 300w, http:\/\/lmsanchezgil.com\/wp-content\/uploads\/2025\/08\/calendar_7-150x150.png 150w\" sizes=\"auto, (max-width: 512px) 100vw, 512px\" \/><\/figure><div class=\"wp-block-media-text__content\">\n<details class=\"wp-block-details is-layout-flow wp-block-details-is-layout-flow\"><summary><strong><strong>Sesi\u00f3n Especial: Aspectos Legales de la Ciberseguridad<\/strong><\/strong><\/summary>\n<p>Conferencia: \u00abPrevenci\u00f3n de la financiaci\u00f3n del terrorismo en el ciberespacio: el enfoque de la Uni\u00f3n Europea\u00bb<br>Organizador: Universidad de Salamanca<br>Lugar: Sala de Presentaciones, I+D+i, Universidad de Salamanca, Salamanca (Espa\u00f1a)<br>Hora: 18:00 h.<\/p>\n<\/details>\n<\/div><\/div>\n\n\n\n<div style=\"height:20px\" aria-hidden=\"true\" class=\"wp-block-spacer\"><\/div>\n\n\n\n<h2 class=\"wp-block-heading\" id=\"grupos-y-proyectos\">Grupos y proyectos<\/h2>\n\n\n\n<div style=\"height:10px\" aria-hidden=\"true\" class=\"wp-block-spacer\"><\/div>\n\n\n\n<h3 class=\"wp-block-heading has-primary-color has-text-color has-link-color wp-elements-0aa0b1beb278289df3b36f1e2e435fa9\">Grupos de investigaci\u00f3n<\/h3>\n\n\n\n<p><a href=\"https:\/\/geits.usal.es\" target=\"_blank\" rel=\"noreferrer noopener\">Next Generation UE &#8211; Derecho Administrativo (NEGEDA) &#8211; Universidad de Salamanca<\/a><\/p>\n\n\n\n<div style=\"height:10px\" aria-hidden=\"true\" class=\"wp-block-spacer\"><\/div>\n\n\n\n<h3 class=\"wp-block-heading has-primary-color has-text-color has-link-color wp-elements-8cccf43b8b022352743c09c3c6011f72\">Otros grupos<\/h3>\n\n\n\n<p><a href=\"https:\/\/geits.usal.es\" target=\"_blank\" rel=\"noreferrer noopener\">Grupo de Estudios Interdisciplinares en Terrorismo y Seguridad (GEITS) &#8211; Universidad de Salamanca<\/a><\/p>\n\n\n\n<div style=\"height:10px\" aria-hidden=\"true\" class=\"wp-block-spacer\"><\/div>\n\n\n\n<h3 class=\"wp-block-heading has-primary-color has-text-color has-link-color wp-elements-d83a883e4e5f1a82fce9833c7c87c52d\">Participaci\u00f3n en proyectos<\/h3>\n\n\n\n<p>6 Financiaciones (3.999.392,00&nbsp;\u20ac)<\/p>\n\n\n\n<div style=\"height:5px\" aria-hidden=\"true\" class=\"wp-block-spacer\"><\/div>\n\n\n\n<h3 class=\"wp-block-heading\">2025<\/h3>\n\n\n\n<p><a href=\"https:\/\/portalcienciaytecnologia.jcyl.es\/proyectos\/1275866\/detalle\" target=\"_blank\" rel=\"noreferrer noopener\">C\u00e1tedra Internacional en Inteligencia Artificial Fiable y Reto Demogr\u00e1fico.- ENIA<\/a><br>1.341.642,00&nbsp;\u20ac<\/p>\n\n\n\n<div style=\"height:5px\" aria-hidden=\"true\" class=\"wp-block-spacer\"><\/div>\n\n\n\n<h3 class=\"wp-block-heading\">2024<\/h3>\n\n\n\n<p><a href=\"https:\/\/portalcienciaytecnologia.jcyl.es\/proyectos\/1266283\/detalle\" target=\"_blank\" rel=\"noreferrer noopener\">C\u00e1tedra Internacional: &#8216;Cyberchain: Blockchain para Ciberseguridad&#8217;<\/a><br>1.192.500,00&nbsp;\u20ac<\/p>\n\n\n\n<p><a href=\"https:\/\/portalcienciaytecnologia.jcyl.es\/proyectos\/1267739\/detalle\" target=\"_blank\" rel=\"noreferrer noopener\">Cybersecure platform for the exchange of digital tokens based on low-poer distributed ledger technologies (CSDT)<\/a><br>400.000,00&nbsp;\u20ac<\/p>\n\n\n\n<p><a href=\"https:\/\/portalcienciaytecnologia.jcyl.es\/proyectos\/1272878\/detalle\" target=\"_blank\" rel=\"noreferrer noopener\">Convenio de colaboracion entre la Universidad de Salamanca y las S.M.E. Instituto Nacional de Ciberseguridad de Espa\u00f1a M.P. S.A. para la promocion de la Cultura de Ciberseguridad mediante la organizacion de Eventos Cybercamp en Espa\u00f1a en el marco del Plan de Recuperaci\u00f3n, Transformaci\u00f3n y Resilencia, financiado por la UE- Next Generation EU<\/a><br>150.000,00&nbsp;\u20ac<\/p>\n\n\n\n<p><a href=\"https:\/\/portalcienciaytecnologia.jcyl.es\/proyectos\/1262970\/detalle\" target=\"_blank\" rel=\"noreferrer noopener\">Secure Certified Resources in IoT Networks (SCRIN)<\/a><br>885.000,00&nbsp;\u20ac<\/p>\n\n\n\n<div style=\"height:5px\" aria-hidden=\"true\" class=\"wp-block-spacer\"><\/div>\n\n\n\n<h3 class=\"wp-block-heading\">2023<\/h3>\n\n\n\n<p><a href=\"https:\/\/portalcienciaytecnologia.jcyl.es\/proyectos\/1289426\/detalle\" target=\"_blank\" rel=\"noreferrer noopener\">Tratamiento procesal de los delitos de odio cometidos a trav\u00e9s de medios tecnol\u00f3gicos<\/a><br>30.250,00&nbsp;\u20ac<\/p>\n\n\n\n<div style=\"height:20px\" aria-hidden=\"true\" class=\"wp-block-spacer\"><\/div>\n\n\n\n<h2 class=\"wp-block-heading\">Publicaciones<\/h2>\n\n\n\n<div style=\"height:10px\" aria-hidden=\"true\" class=\"wp-block-spacer\"><\/div>\n\n\n\n<h3 class=\"wp-block-heading has-primary-color has-text-color has-link-color wp-elements-44c56e8c8297f97d1f3d1269190a48dc\" id=\"libros\">Libros y cap\u00edtulos<\/h3>\n\n\n\n<h3 class=\"wp-block-heading\">Monograf\u00edas<\/h3>\n\n\n\n<p><strong>An\u00e1lisis conductual del delito y perfilaci\u00f3n criminal<\/strong>. Francisco Javier de Santiago Herrero, Luis Miguel S\u00e1nchez Gil. Ratio Legis Librer\u00eda Jur\u00eddica, 2018.&nbsp;ISBN&nbsp;9788416324910<\/p>\n\n\n\n<h3 class=\"wp-block-heading\">Cap\u00edtulos en obras colectivas<\/h3>\n\n\n\n<p><strong>Las historias de vida como medio para la transmisi\u00f3n del conocimiento<\/strong>. Luis Miguel S\u00e1nchez Gil, Felipe Claudio Soto P\u00e9rez. <em><a href=\"https:\/\/d2eb79appvasri.cloudfront.net\/erp-colex\/openaccess\/libros\/openaccess_8151.pdf\">Nuevos desaf\u00edos de la educaci\u00f3n superior: transformando la docencia universitaria<\/a><\/em>&nbsp;\/&nbsp;Alicia Rodr\u00edguez S\u00e1nchez Pilar Talavera Cordero Nora Libertad Rodr\u00edguez Pe\u00f1a Jos\u00e9 Luis Dom\u00ednguez \u00c1lvarez Jos\u00e9 Luis Mateos Crespo&nbsp;&nbsp;(dir.), 2025,&nbsp;ISBN&nbsp;9791370112806,&nbsp;p\u00e1gs.&nbsp;663-675.<\/p>\n\n\n\n<p><strong>Delitos de odio y victimizaci\u00f3n en las redes sociales desde la perspectiva criminol\u00f3gica<\/strong>. Luis Miguel S\u00e1nchez Gil. <em>Aspectos victimol\u00f3gicos e investigaci\u00f3n de los delitos de odio cometidos a trav\u00e9s de internet<\/em>&nbsp;\/&nbsp;coord.&nbsp;por&nbsp;Irene Y\u00e1\u00f1ez Garc\u00eda-Bernalt;&nbsp;Federico Bueno de Mata&nbsp;(dir.), 2024,&nbsp;ISBN&nbsp;9788411624701,&nbsp;p\u00e1gs.&nbsp;335-355.<\/p>\n\n\n\n<p><strong>Factores que contribuyen a las expectativas y satisfacci\u00f3n con la ense\u00f1anza en estudiantes de Psicolog\u00eda<\/strong>. Felipe Soto P\u00e9rez,&nbsp;Claudia Monardes Seemann, Luis Miguel S\u00e1nchez Gil. <em>Avances en Educaci\u00f3n Superior e Investigaci\u00f3n. Vol. 3<\/em>&nbsp;\/&nbsp;Gualberto Buela Casal&nbsp;(comp.), 2023,&nbsp;ISBN&nbsp;978-84-1170-268-3,&nbsp;p\u00e1g.&nbsp;232.<\/p>\n\n\n\n<p><strong>La ciberviolencia en la pareja:<\/strong>&nbsp;<strong>un enfoque multidisciplinar<\/strong>. Luis Miguel S\u00e1nchez Gil. <em>Desaf\u00edos \u00e9ticos, jur\u00eddicos y tecnol\u00f3gicos del avance digital<\/em>&nbsp;\/&nbsp;coord.&nbsp;por&nbsp;Alicia Rodr\u00edguez S\u00e1nchez,&nbsp;Pilar Talavera Cordero;&nbsp;Jos\u00e9 Luis Dom\u00ednguez \u00c1lvarez&nbsp;(dir.),&nbsp;Daniel Terr\u00f3n Santos&nbsp;(dir.), 2023,&nbsp;ISBN&nbsp;9788498904529,&nbsp;p\u00e1gs.&nbsp;103-117.<\/p>\n\n\n\n<p><strong>Nuevas herramientas de investigaci\u00f3n:&nbsp;la autopsia psicol\u00f3gica virtual<\/strong>. Luis Miguel S\u00e1nchez Gil,&nbsp;Francisco Javier de Santiago Herrero. <em>FODERTICS 11.0:&nbsp;derecho, entornos virtuales y tecnolog\u00edas emergentes<\/em>&nbsp;\/&nbsp;Federico Bueno de Mata&nbsp;(dir.),&nbsp;Irene Gonz\u00e1lez Pulido&nbsp;(dir.), 2023,&nbsp;ISBN&nbsp;978-84-1369-542-6,&nbsp;p\u00e1gs.&nbsp;427-439.<\/p>\n\n\n\n<p><strong>Seguridad p\u00fablica:&nbsp;otra brecha entre \u00e1reas urbanas y mundo rural.<\/strong> Luis Miguel S\u00e1nchez Gil. <em>Rural renaissance:&nbsp;territorio, precio y valor<\/em>&nbsp;\/&nbsp;coord.&nbsp;por&nbsp;Alicia Rodr\u00edguez S\u00e1nchez,&nbsp;Pilar Talavera Cordero;&nbsp;Marcos Mat\u00edas Fernando Pablo&nbsp;(dir.),&nbsp;Jos\u00e9 Luis Dom\u00ednguez \u00c1lvarez&nbsp;(dir.),&nbsp;Juana L\u00f3pez Pag\u00e1n&nbsp;(pr.), 2023,&nbsp;ISBN9788411630535,&nbsp;p\u00e1gs.&nbsp;495-510.<\/p>\n\n\n\n<p><strong>Evaluaci\u00f3n de los factores protectores y facilitadores del consumo excesivo de alcohol en una muestra cl\u00ednica<\/strong>. Roc\u00edo Coloma Alonso,&nbsp;Cristina Jenaro R\u00edo,&nbsp;Celia G\u00f3mez de Arriba,&nbsp;V\u00edctor Andr\u00e9s Torres Apolo,&nbsp;Silvia Redondo Garc\u00eda,&nbsp;Noelia Gonz\u00e1lez Cat\u00f3n, Luis Miguel S\u00e1nchez Gil,&nbsp;Noelia Emma Flores Robaina. <em>Actualizaci\u00f3n e investigaci\u00f3n en el \u00e1mbito sanitario:&nbsp;nuevos horizontes en el cuidado de la salud<\/em>&nbsp;\/&nbsp;coord.&nbsp;por&nbsp;Mar\u00eda del Mar Sim\u00f3n M\u00e1rquez,&nbsp;Mar\u00eda del Mar Molero Jurado,&nbsp;Rosa Mar\u00eda del Pino Salvador, 2022,&nbsp;ISBN&nbsp;978-84-09-38849-3,&nbsp;p\u00e1gs.&nbsp;59-66.<\/p>\n\n\n\n<p><strong>Estudio retrospectivo de emociones y conductas durante la pandemia de Covid-19<\/strong>:&nbsp;<strong>implicaciones para futuras crisis sanitarias<\/strong>. Silvia Redondo Garc\u00eda,&nbsp;V\u00edctor Andr\u00e9s Torres Apolo,&nbsp;Roc\u00edo Coloma Alonso,&nbsp;Noelia Gonz\u00e1lez Cat\u00f3n,&nbsp;Celia G\u00f3mez de Arriba,&nbsp;Cristina Jenaro R\u00edo, Luis Miguel S\u00e1nchez Gil. <em>Actualizaci\u00f3n e investigaci\u00f3n en el \u00e1mbito sanitario:&nbsp;nuevos horizontes en el cuidado de la salud<\/em>&nbsp;\/&nbsp;coord.&nbsp;por&nbsp;Mar\u00eda del Mar Sim\u00f3n M\u00e1rquez,&nbsp;Mar\u00eda del Mar Molero Jurado,&nbsp;Rosa Mar\u00eda del Pino Salvador, 2022,&nbsp;ISBN&nbsp;978-84-09-38849-3,&nbsp;p\u00e1gs.&nbsp;81-90.<\/p>\n\n\n\n<p><strong>Factores de riesgo en delincuencia juvenil y su valoraci\u00f3n:&nbsp;an\u00e1lisis dela productividad cient\u00edfica<\/strong>. Francisco Javier de Santiago Herrero,&nbsp;Mar\u00eda Montfrag\u00fce Garc\u00eda Mateos, Luis Miguel S\u00e1nchez Gil. <em>Menores infractores:&nbsp;predicci\u00f3n, gesti\u00f3n del riesgo e intervenci\u00f3n<\/em>&nbsp;\/&nbsp;coord.&nbsp;por&nbsp;Irene Gonz\u00e1lez Pulido,&nbsp;Walter Reifarth Mu\u00f1oz;&nbsp;Lorenzo Mateo Bujosa Vadell&nbsp;(dir.),&nbsp;Fernando Mart\u00edn Diz&nbsp;(dir.), 2022,&nbsp;ISBN&nbsp;9788413908601,&nbsp;p\u00e1gs.&nbsp;43-55.<\/p>\n\n\n\n<p><strong>Pandemia y seguridad humana<\/strong>. Luis Miguel S\u00e1nchez Gil,&nbsp;Francisco Javier de Santiago Herrero. <em>Crisis pand\u00e9micas:&nbsp;Perspectiva criminol\u00f3gica, psicol\u00f3gica y social<\/em>&nbsp;\/&nbsp;coord.&nbsp;por Luis Miguel S\u00e1nchez Gil,&nbsp;Francisco Javier de Santiago Herrero, 2021,&nbsp;ISBN&nbsp;978-84-17836-24-5,&nbsp;p\u00e1gs.&nbsp;13-16.<\/p>\n\n\n\n<p><strong>El terrorismo en tiempos de pandemia<\/strong>. Luis Miguel S\u00e1nchez Gil. <em>Crisis pand\u00e9micas:&nbsp;Perspectiva criminol\u00f3gica, psicol\u00f3gica y social<\/em>&nbsp;\/&nbsp;coord.&nbsp;por Luis Miguel S\u00e1nchez Gil,&nbsp;Francisco Javier de Santiago Herrero, 2021,&nbsp;ISBN&nbsp;978-84-17836-24-5,&nbsp;p\u00e1gs.&nbsp;95-101.<\/p>\n\n\n\n<p><strong>El rol de la mujer en la violencia terrorista en Espa\u00f1a<\/strong>. Luis Miguel S\u00e1nchez Gil. <em>Estudios interdisciplinares de g\u00e9nero<\/em>&nbsp;\/&nbsp;coord.&nbsp;por&nbsp;Alicia Rodr\u00edguez S\u00e1nchez;&nbsp;Marta del Pozo P\u00e9rez&nbsp;(dir.), 2021,&nbsp;ISBN978-84-1345-981-3,&nbsp;p\u00e1gs.&nbsp;739-751.<\/p>\n\n\n\n<p><strong>Aplicaci\u00f3n de la perfilaci\u00f3n al an\u00e1lisis de redes sociales<\/strong>. Luis Miguel S\u00e1nchez Gil. <em>Inteligencia artificial y defensa:&nbsp;nuevos horizontes<\/em>&nbsp;\/&nbsp;coord.&nbsp;por&nbsp;Paula Mar\u00eda Tom\u00e9 Dom\u00ednguez;&nbsp;Daniel Terr\u00f3n Santos(dir.),&nbsp;Jos\u00e9 Luis Dom\u00ednguez \u00c1lvarez&nbsp;(dir.), 2021,&nbsp;ISBN&nbsp;978-84-1346-271-4,&nbsp;p\u00e1gs.&nbsp;269-280.<\/p>\n\n\n\n<p><strong>Tipolog\u00eda del agresor sexual<\/strong>. Francisco Javier de Santiago Herrero,&nbsp;Mar\u00eda Montfrag\u00fce Garc\u00eda Mateos, Luis Miguel S\u00e1nchez Gil. <em>Violencia sexual:&nbsp;an\u00e1lisis, tipolog\u00edas y diferentes perfiles<\/em>&nbsp;\/&nbsp;coord.&nbsp;por&nbsp;Francisco Javier de Santiago Herrero,&nbsp;Mar\u00eda Montfrag\u00fce Garc\u00eda Mateos,&nbsp;Nubia Carolina Rovelo Escoto, 2021,&nbsp;ISBN&nbsp;978-84-1391-293-6,&nbsp;p\u00e1gs.&nbsp;93-116.<\/p>\n\n\n\n<p><strong>La violencia sexual en el contexto del terrorismo y los conflictos armados<\/strong>. Luis Miguel S\u00e1nchez Gil,&nbsp;Francisco Javier de Santiago Herrero. <em>Violencia sexual:&nbsp;an\u00e1lisis, tipolog\u00edas y diferentes perfiles<\/em>&nbsp;\/&nbsp;coord.&nbsp;por&nbsp;Francisco Javier de Santiago Herrero,&nbsp;Mar\u00eda Montfrag\u00fce Garc\u00eda Mateos,&nbsp;Nubia Carolina Rovelo Escoto, 2021,&nbsp;ISBN&nbsp;978-84-1391-293-6,&nbsp;p\u00e1gs.&nbsp;251-268.<\/p>\n\n\n\n<p><strong>Rasgos psicop\u00e1ticos y conducta terrorista<\/strong>. Luis Miguel S\u00e1nchez Gil,&nbsp;Mar\u00eda Montfrag\u00fce Garc\u00eda Mateos. <em>La psicopat\u00eda:&nbsp;un enfoque multidisciplinar<\/em>&nbsp;\/&nbsp;Francisco Javier de Santiago Herrero&nbsp;(dir.),&nbsp;Nubia Carolina Rovelo Escoto (dir.), Luis Miguel S\u00e1nchez Gil (dir.), 2020,&nbsp;ISBN&nbsp;978-84-486-2234-3,&nbsp;p\u00e1gs.&nbsp;183-197.<\/p>\n\n\n\n<p><strong>Ciberterrorismo islamista<\/strong>. Luis Miguel S\u00e1nchez Gil. <em>FODERTICS 4.0:&nbsp;estudios sobre nuevas tecnolog\u00edas y justicia <\/em>\/&nbsp;coord.&nbsp;por&nbsp;Federico Bueno de Mata, 2015,&nbsp;ISBN&nbsp;978-84-9045-274-5,&nbsp;p\u00e1gs.&nbsp;209-217.<\/p>\n\n\n\n<h3 class=\"wp-block-heading\">Direcci\u00f3n, coordinaci\u00f3n y edici\u00f3n<\/h3>\n\n\n\n<p><strong>Mujeres rurales, territorio y reto demogr\u00e1fico<\/strong>. Nora Libertad Rodr\u00edguez Pe\u00f1a (coord.), Luis Miguel S\u00e1nchez Gil (coord.);&nbsp;Jos\u00e9 Luis Dom\u00ednguez \u00c1lvarez&nbsp;(dir.),&nbsp;Alicia Rodr\u00edguez S\u00e1nchez (dir.),&nbsp;Pilar Talavera Cordero&nbsp;(dir.),&nbsp;Marta del Pozo P\u00e9rez&nbsp;(pr.),&nbsp;Juana L\u00f3pez Pag\u00e1n&nbsp;(col.). Colex, 2024.&nbsp;ISBN&nbsp;9788411946544<\/p>\n\n\n\n<p><strong>Crisis pand\u00e9micas:&nbsp;Perspectiva criminol\u00f3gica, psicol\u00f3gica y social.<\/strong> Luis Miguel S\u00e1nchez Gil (coord.),&nbsp;Francisco Javier de Santiago Herrero (coord.). Ratio Legis Librer\u00eda Jur\u00eddica, 2021.&nbsp;ISBN&nbsp;978-84-17836-24-5.<\/p>\n\n\n\n<p><strong>La psicopat\u00eda:&nbsp;un enfoque multidisciplinar. <\/strong>Francisco Javier de Santiago Herrero&nbsp;(dir.),&nbsp;Nubia Carolina Rovelo Escoto&nbsp;(dir.), Luis Miguel S\u00e1nchez Gil (dir.). McGraw-Hill Interamericana de Espa\u00f1a, 2020.&nbsp;ISBN&nbsp;978-84-486-2234-3.<\/p>\n\n\n\n<p><strong>La perfilaci\u00f3n criminal:&nbsp;tipolog\u00edas y clasificaciones aplicadas.<\/strong> Luis Miguel S\u00e1nchez Gil (coord.),&nbsp;Francisco Javier de Santiago Herrero&nbsp;(coord.). Amar\u00fa, 2017.&nbsp;ISBN&nbsp;9788481963779.<\/p>\n\n\n\n<p><strong>Proyecto de investigaci\u00f3n de asesinos en serie<\/strong>. Francisco Javier de Santiago Herrero&nbsp;(dir.), Luis Miguel S\u00e1nchez Gil (dir.). Amar\u00fa, 2016.&nbsp;ISBN&nbsp;978-84-8196-371-7.<\/p>\n\n\n\n<h3 class=\"wp-block-heading\">Otros trabajos publicados<\/h3>\n\n\n\n<p><strong>Rese\u00f1a del libro: Casada con el enemigo<\/strong>. Luis Miguel S\u00e1nchez Gil (res.). <em>Estudios interdisciplinares de g\u00e9nero<\/em>&nbsp;\/&nbsp;coord.&nbsp;por&nbsp;Mar\u00eda Luisa Ib\u00e1\u00f1ez Mart\u00ednez;&nbsp;Marta del Pozo P\u00e9rez&nbsp;(dir.), 2020,&nbsp;ISBN978-84-1336-822-1,&nbsp;p\u00e1gs.&nbsp;35-38<\/p>\n\n\n\n<div style=\"height:10px\" aria-hidden=\"true\" class=\"wp-block-spacer\"><\/div>\n\n\n\n<h3 class=\"wp-block-heading has-primary-color has-text-color has-link-color wp-elements-9164c38dfff340a45798160f30b39abb\" id=\"articulos-academicos\">Art\u00edculos acad\u00e9micos<\/h3>\n\n\n\n<p><strong>Tiroteos en masa y efecto imitador: Prevalencia global fuera de los Estados Unidos (1999-2022)<\/strong>. Hediany de Andrade Melo,&nbsp;Jason R. Silva, Luis Miguel S\u00e1nchez Gil. <em>Bolet\u00edn criminol\u00f3gico<\/em>,&nbsp;ISSN&nbsp;1137-2427,&nbsp;ISSN-e&nbsp;2254-2043,&nbsp;Vol. 32, N\u00ba 251, 2025,&nbsp;p\u00e1gs.&nbsp;1-26.<\/p>\n\n\n\n<p><strong>Tiroteos masivos y motivaci\u00f3n<\/strong>:&nbsp;an\u00e1lisis a partir del banco de datos The Violence Project (1966\u20132023). Hediany de Andrade Melo,&nbsp;Cristina Jenaro R\u00edo,&nbsp;Francisco Javier de Santiago Herrero, Luis Miguel S\u00e1nchez Gil. <em>Revista Espa\u00f1ola de Investigaci\u00f3n Criminol\u00f3gica: REIC<\/em>,&nbsp;ISSN-e&nbsp;1696-9219,&nbsp;Vol. 22, N\u00ba. 2, 2024.<\/p>\n\n\n\n<p><strong>Tiroteos masivos y motivaci\u00f3n<\/strong>:&nbsp;an\u00e1lisis a partir del banco de datos The Violence Project (1966\u20132023). Hediany de Andrade Melo,&nbsp;Cristina Jenaro R\u00edo,&nbsp;Francisco Javier de Santiago Herrero, Luis Miguel S\u00e1nchez Gil. <em>Revista Espa\u00f1ola de Investigaci\u00f3n Criminol\u00f3gica: REIC<\/em>,&nbsp;ISSN-e&nbsp;1696-9219,&nbsp;Vol. 22, N\u00ba. 1, 2024.<\/p>\n\n\n\n<p><strong>Reflexiones en torno a la seguridad<\/strong>. Luis Miguel S\u00e1nchez Gil,&nbsp;Francisco Javier de Santiago Herrero. <em>Archivos de Criminolog\u00eda, Seguridad Privada y Criminal\u00edstica<\/em>,&nbsp;ISSN-e&nbsp;2007-2023,&nbsp;N\u00ba 29, 2022,&nbsp;p\u00e1gs.&nbsp;193-203.<\/p>\n\n\n\n<p><strong>Repensando el concepto de ciberterrorismo<\/strong>. Luis Miguel S\u00e1nchez Gil. <em>Bolet\u00edn IEEE (Instituto Espa\u00f1ol de Estudios Estrat\u00e9gicos<\/em>),&nbsp;ISSN-e&nbsp;2530-125X,&nbsp;N\u00ba 21, 2021,&nbsp;p\u00e1gs.&nbsp;406-420.<\/p>\n\n\n\n<p><strong>El informe criminol\u00f3gico forense en el \u00e1mbito penal<\/strong>. Francisco Javier de Santiago Herrero, Luis Miguel S\u00e1nchez Gil. <em>Ciencia policial<\/em>,&nbsp;ISSN&nbsp;1886-5577,&nbsp;N\u00ba. 165 (Marzo-abril), 2021,&nbsp;p\u00e1gs.&nbsp;115-141.<\/p>\n\n\n\n<p><strong>Los centros penitenciarios espa\u00f1oles como espacios de radicalizaci\u00f3n yihadista<\/strong>. Luis Miguel S\u00e1nchez Gil,&nbsp;Francisco Javier de Santiago Herrero. <em>Revista de Derecho Penal y Criminolog\u00eda<\/em>,&nbsp;ISSN&nbsp;1132-9955,&nbsp;N\u00ba 23 (Tercera \u00e9poca), 2020,&nbsp;p\u00e1gs.&nbsp;249-278.<\/p>\n\n\n\n<p><strong>Terrorismo y crimen organizado en las estrategias de seguridad nacional espa\u00f1olas<\/strong>. Luis Miguel S\u00e1nchez Gil. <em>Bolet\u00edn IEEE (Instituto Espa\u00f1ol de Estudios Estrat\u00e9gicos)<\/em>,&nbsp;ISSN-e&nbsp;2530-125X,&nbsp;N\u00ba 16, 2019,&nbsp;p\u00e1gs.&nbsp;541-560.<\/p>\n\n\n\n<p><strong>Terrorismo<\/strong>:&nbsp;Conceptualizaci\u00f3n y consecuencias de su indefinici\u00f3n. Luis Miguel S\u00e1nchez Gil. <em>Archivos de Criminolog\u00eda, Seguridad Privada y Criminal\u00edstica<\/em>,&nbsp;ISSN-e&nbsp;2007-2023,&nbsp;N\u00ba 18, 2017,&nbsp;p\u00e1gs.&nbsp;133-143.<\/p>\n\n\n\n<div style=\"height:10px\" aria-hidden=\"true\" class=\"wp-block-spacer\"><\/div>\n\n\n\n<h3 class=\"wp-block-heading has-primary-color has-text-color has-link-color wp-elements-90dd05bbbecc9692cf661ea66e28cc70\">Otros art\u00edculos<\/h3>\n\n\n\n<p><strong>Lecciones aprendidas<\/strong>:&nbsp;<strong>Movimientos violentos y actividad terrorista<\/strong>. Luis Miguel S\u00e1nchez Gil. <em>Quadernos de criminolog\u00eda: revista de criminolog\u00eda y ciencias forenses<\/em>,&nbsp;ISSN&nbsp;1888-0665,&nbsp;N\u00ba. 48, 2020,&nbsp;p\u00e1gs.&nbsp;4-10.<\/p>\n\n\n\n<p><strong>Precisiones terminol\u00f3gicas sobre el sadismo.<\/strong> Francisco Javier de Santiago Herrero,&nbsp;Mar\u00eda Montfrag\u00fce Garc\u00eda Mateos,&nbsp;Alejandra Lin Ku, Luis Miguel S\u00e1nchez Gil. <em>Anuario Internacional de Criminolog\u00eda y Ciencias Forenses<\/em>,&nbsp;N\u00ba. 3, 2018,&nbsp;p\u00e1gs.&nbsp;157-181.<\/p>\n\n\n\n<p><strong>Lecciones aprendidas<\/strong>:&nbsp;<strong>Hamza Bin Laden<\/strong>. Luis Miguel S\u00e1nchez Gil. <em>Quadernos de criminolog\u00eda: revista de criminolog\u00eda y ciencias forenses<\/em>,&nbsp;ISSN&nbsp;1888-0665,&nbsp;N\u00ba. 42, 2018,&nbsp;p\u00e1gs.&nbsp;54-58.<\/p>\n\n\n\n<p><strong>Lecciones aprendidas<\/strong>:&nbsp;<strong>Forein terrorist fighters.<\/strong> Luis Miguel S\u00e1nchez Gil. <em>Quadernos de criminolog\u00eda: revista de criminolog\u00eda y ciencias forenses<\/em>,&nbsp;ISSN&nbsp;1888-0665,&nbsp;N\u00ba. 41, 2018,&nbsp;p\u00e1gs.&nbsp;54-59.<\/p>\n\n\n\n<p><strong>Lecciones aprendidas<\/strong>:&nbsp;<strong>El terrorismo y el crimen organizado en la ESN(2017).<\/strong> Luis Miguel S\u00e1nchez Gil. <em>Quadernos de criminolog\u00eda: revista de criminolog\u00eda y ciencias forenses<\/em>,&nbsp;ISSN&nbsp;1888-0665,&nbsp;N\u00ba. 40, 2018,&nbsp;p\u00e1gs.&nbsp;50-55.<\/p>\n\n\n\n<p><strong>Lecciones aprendidas<\/strong>:<strong>&nbsp;Las medidas de seguridad pasiva frente al terrorismo. <\/strong>Luis Miguel S\u00e1nchez Gil. <em>Quadernos de criminolog\u00eda: revista de criminolog\u00eda y ciencias forenses<\/em>,&nbsp;ISSN&nbsp;1888-0665,&nbsp;N\u00ba. 39, 2017,&nbsp;p\u00e1gs.&nbsp;48-51.<\/p>\n\n\n\n<p><strong>Lecciones aprendidas:<\/strong>&nbsp;<strong>European Union terrorism situation and trend report 2017.<\/strong> Luis Miguel S\u00e1nchez Gil. <em>Quadernos de criminolog\u00eda: revista de criminolog\u00eda y ciencias forenses<\/em>,&nbsp;ISSN&nbsp;1888-0665,&nbsp;N\u00ba. 38, 2017,&nbsp;p\u00e1gs.&nbsp;45-49.<\/p>\n\n\n\n<p><strong>Lecciones aprendidas:&nbsp;Directiva europea contra el terrorismo.<\/strong> Luis Miguel S\u00e1nchez Gil. <em>Quadernos de criminolog\u00eda: revista de criminolog\u00eda y ciencias forenses<\/em>,&nbsp;ISSN&nbsp;1888-0665,&nbsp;N\u00ba. 37, 2017,&nbsp;p\u00e1gs.&nbsp;40-43.<\/p>\n\n\n\n<p><strong>Lecciones aprendidas:&nbsp;La falacia de los lobos solitarios Yihadistas.<\/strong> Luis Miguel S\u00e1nchez Gil. <em>Quadernos de criminolog\u00eda: revista de criminolog\u00eda y ciencias forenses<\/em>,&nbsp;ISSN&nbsp;1888-0665,&nbsp;N\u00ba. 36, 2017,&nbsp;p\u00e1gs.&nbsp;49-53.<\/p>\n\n\n\n<p><strong>Criminal profiling:&nbsp;nuevas concepciones pr\u00e1cticas. <\/strong>Silvestre Cabezas Garc\u00eda, Luis Miguel S\u00e1nchez Gil. <em>Anuario Internacional de Criminolog\u00eda y Ciencias Forenses<\/em>,&nbsp;N\u00ba. 1, 2016,&nbsp;p\u00e1gs.&nbsp;257-268.<\/p>\n\n\n\n<p><strong>Lecciones aprendidas:&nbsp;Las infraestructuras de transporte p\u00fablico como objetivo terrorista<\/strong>. Luis Miguel S\u00e1nchez Gil. <em>Quadernos de criminolog\u00eda: revista de criminolog\u00eda y ciencias forenses<\/em>,&nbsp;ISSN&nbsp;1888-0665,&nbsp;N\u00ba. 35, 2016,&nbsp;p\u00e1gs.&nbsp;16-20.<\/p>\n\n\n\n<p><strong>Lecciones aprendidas:&nbsp;del correo humano a la APPS de mensajer\u00eda instant\u00e1nea. <\/strong>Luis Miguel S\u00e1nchez Gil. <em>Quadernos de criminolog\u00eda: revista de criminolog\u00eda y ciencias forenses<\/em>,&nbsp;ISSN&nbsp;1888-0665,&nbsp;N\u00ba. 34, 2016,&nbsp;p\u00e1gs.&nbsp;12-15.<\/p>\n\n\n\n<p><strong>Lecciones aprendidas:&nbsp;Centro Europeo contra el Terrorismo (ECTC).<\/strong> Luis Miguel S\u00e1nchez Gil. <em>Quadernos de criminolog\u00eda: revista de criminolog\u00eda y ciencias forenses<\/em>,&nbsp;ISSN&nbsp;1888-0665,&nbsp;N\u00ba. 33, 2016,&nbsp;p\u00e1gs.&nbsp;12-15.<\/p>\n\n\n\n<p><strong>Firma invitada:&nbsp;Unidad de an\u00e1lisis de la conducta criminal de la Universidad de Salamanca<\/strong>. Silvestre Cabezas Garc\u00eda, Luis Miguel S\u00e1nchez Gil. Quadernos de criminolog\u00eda: revista de criminolog\u00eda y ciencias forenses,&nbsp;ISSN&nbsp;1888-0665,&nbsp;N\u00ba. 30, 2015,&nbsp;p\u00e1gs.&nbsp;42-46.<\/p>\n\n\n\n<p><strong>Dossier I:&nbsp;Problemas conceptuales en el \u00abCriminal Profiling\u00bb<\/strong>. Luis Miguel S\u00e1nchez Gil. Quadernos de criminolog\u00eda: revista de criminolog\u00eda y ciencias forenses,&nbsp;ISSN&nbsp;1888-0665,&nbsp;N\u00ba. 29, 2015,&nbsp;p\u00e1gs.&nbsp;12-19.<\/p>\n\n\n\n<p><strong>La firma en el Criminal Profiling<\/strong>. Luis Miguel S\u00e1nchez Gil. <em>Quadernos de criminolog\u00eda: revista de criminolog\u00eda y ciencias forenses<\/em>,&nbsp;ISSN&nbsp;1888-0665,&nbsp;N\u00ba. 20, 2013,&nbsp;p\u00e1gs.&nbsp;42-46.<\/p>\n","protected":false},"excerpt":{"rendered":"<p>Eventos Congresos, simposios, seminarios y jornadas A\u00f1o 2026 Mayo Marzo A\u00f1o 2025 Octubre Septiembre Agosto Julio Junio Mayo Grupos y proyectos Grupos de investigaci\u00f3n Next Generation UE &#8211; Derecho Administrativo (NEGEDA) &#8211; Universidad de Salamanca Otros grupos Grupo de Estudios Interdisciplinares en Terrorismo y Seguridad (GEITS) &#8211; Universidad de Salamanca Participaci\u00f3n en proyectos 6 Financiaciones [&hellip;]<\/p>\n","protected":false},"author":1,"featured_media":0,"parent":0,"menu_order":0,"comment_status":"closed","ping_status":"closed","template":"","meta":{"footnotes":""},"class_list":["post-126","page","type-page","status-publish","hentry"],"_links":{"self":[{"href":"http:\/\/lmsanchezgil.com\/index.php?rest_route=\/wp\/v2\/pages\/126","targetHints":{"allow":["GET"]}}],"collection":[{"href":"http:\/\/lmsanchezgil.com\/index.php?rest_route=\/wp\/v2\/pages"}],"about":[{"href":"http:\/\/lmsanchezgil.com\/index.php?rest_route=\/wp\/v2\/types\/page"}],"author":[{"embeddable":true,"href":"http:\/\/lmsanchezgil.com\/index.php?rest_route=\/wp\/v2\/users\/1"}],"replies":[{"embeddable":true,"href":"http:\/\/lmsanchezgil.com\/index.php?rest_route=%2Fwp%2Fv2%2Fcomments&post=126"}],"version-history":[{"count":37,"href":"http:\/\/lmsanchezgil.com\/index.php?rest_route=\/wp\/v2\/pages\/126\/revisions"}],"predecessor-version":[{"id":354,"href":"http:\/\/lmsanchezgil.com\/index.php?rest_route=\/wp\/v2\/pages\/126\/revisions\/354"}],"wp:attachment":[{"href":"http:\/\/lmsanchezgil.com\/index.php?rest_route=%2Fwp%2Fv2%2Fmedia&parent=126"}],"curies":[{"name":"wp","href":"https:\/\/api.w.org\/{rel}","templated":true}]}}