{"id":103,"date":"2025-08-21T10:33:10","date_gmt":"2025-08-21T10:33:10","guid":{"rendered":"http:\/\/lmsanchezgil.com\/?page_id=103"},"modified":"2025-09-02T16:32:48","modified_gmt":"2025-09-02T16:32:48","slug":"curriculum","status":"publish","type":"page","link":"http:\/\/lmsanchezgil.com\/?page_id=103","title":{"rendered":"Curriculum"},"content":{"rendered":"\n<p><strong>Doctor en Psicolog\u00eda<\/strong> por la Universidad de Salamanca (2021), con calificaci\u00f3n sobresaliente Cum Laude, <strong>Graduado en Criminolog\u00eda<\/strong> por la misma universidad (2016) y <strong>M\u00e1ster en An\u00e1lisis y Prevenci\u00f3n del Crimen<\/strong> por la Universidad Miguel Hern\u00e1ndez (2017). Mi perfil profesional se sit\u00faa en la intersecci\u00f3n entre la academia, la investigaci\u00f3n aplicada y los \u00e1mbitos de la seguridad y la defensa. Esta combinaci\u00f3n de experiencias me ha permitido desarrollar una visi\u00f3n interdisciplinar y pr\u00e1ctica de los fen\u00f3menos criminol\u00f3gicos y psicosociales, con una s\u00f3lida base metodol\u00f3gica y un marcado enfoque hacia la transferencia del conocimiento.<br>\u00a0<br>Actualmente, <strong>Profesor Ayudante Doctor<\/strong> (acreditado como Profesor Permanente Laboral) del <strong>Departamento de Personalidad, Evaluaci\u00f3n y Tratamiento Psicol\u00f3gicos<\/strong> de la Universidad de Salamanca, adscrito a la <strong>Facultad de Derecho<\/strong>. En esta misma instituci\u00f3n, asumo tambi\u00e9n funciones de gesti\u00f3n como <strong>Director del Colegio Mayor de Oviedo<\/strong>.<br>\u00a0<br>He impartido <strong>docencia oficial<\/strong> en diferentes niveles universitarios, incluyendo grados y posgrados, tanto en la Universidad de Salamanca como en otras instituciones. Dentro de estas experiencias docentes, he desarrollado asignaturas centradas en la criminolog\u00eda y la psicolog\u00eda criminal, la inteligencia, el an\u00e1lisis de la conducta delictiva, la victimolog\u00eda y la relaci\u00f3n entre medios de comunicaci\u00f3n y delito. Tambi\u00e9n he desempe\u00f1ado funciones como Personal T\u00e9cnico de Apoyo en proyectos internacionales.<br>\u00a0\u00a0<br>En el plano <strong>investigador<\/strong>, he participado en diversos proyectos financiados a nivel nacional y europeo. Mi <strong>producci\u00f3n cient\u00edfica<\/strong> incluye m\u00e1s de 45 publicaciones indexadas, muchas de ellas en revistas situadas en el cuartil 1 (Q1) del SJR y en editoriales acad\u00e9micas reconocidas dentro del Scholarly Publishers Indicators (SPI), tambi\u00e9n en el primer cuartil. Algunos de estos trabajos han recibido un especial reconocimiento, como una rese\u00f1a destacada en el Think Tank Review de la Comisi\u00f3n Europea. Mis principales l\u00edneas de investigaci\u00f3n se centran en el estudio del terrorismo desde una perspectiva psico-criminol\u00f3gica, el an\u00e1lisis de la conducta delictiva, la seguridad p\u00fablica.<br>\u00a0<br>Adem\u00e1s, tengo una amplia experiencia en la <strong>direcci\u00f3n acad\u00e9mica de trabajos<\/strong>: he tutorizado m\u00e1s de 40 trabajos de fin de grado y diversos trabajos de fin de m\u00e1ster. Adem\u00e1s, en la actualidad dirijo dos tesis doctorales en curso, todo ello enmarcado en mis l\u00edneas de investigaci\u00f3n. Como <strong>investigador responsable<\/strong> del Grupo de Estudios Interdisciplinares en Terrorismo y Seguridad (GEITS-USAL), lidero una estructura acad\u00e9mica centrada en la investigaci\u00f3n aplicada y el an\u00e1lisis cr\u00edtico de las amenazas a la seguridad global y local.<br>\u00a0<br>He sido <strong>conferenciante y panelista<\/strong> en m\u00e1s de 35 congresos, seminarios y jornadas, tanto nacionales como internacionales (al menos 13 de ellos con car\u00e1cter internacional), en los que he abordado cuestiones relacionadas con el terrorismo, la conducta criminal, la prevenci\u00f3n del delito y la igualdad de g\u00e9nero. Tambi\u00e9n he desempe\u00f1ado funciones como miembro de comit\u00e9s cient\u00edficos y organizadores, secretar\u00edas t\u00e9cnicas y moderador de actos acad\u00e9micos de car\u00e1cter cient\u00edfico y divulgativo, lo que refuerza mi compromiso con la difusi\u00f3n del conocimiento y el fomento del pensamiento cr\u00edtico en espacios interdisciplinares.<br>\u00a0<br>Mi trayectoria se apoya en una s\u00f3lida base pr\u00e1ctica y acad\u00e9mica, construida desde el a\u00f1o 2014 cuando comenc\u00e9 mi desarrollo profesional en los \u00e1mbitos de la seguridad y la defensa. Esta experiencia inicial me proporcion\u00f3 una comprensi\u00f3n operativa de las din\u00e1micas delictivas, que ha enriquecido mi posterior evoluci\u00f3n como acad\u00e9mico e investigador, permiti\u00e9ndome vincular el an\u00e1lisis te\u00f3rico con las necesidades pr\u00e1cticas de las instituciones p\u00fablicas y privadas en materia de seguridad y prevenci\u00f3n.<\/p>\n","protected":false},"excerpt":{"rendered":"<p>Doctor en Psicolog\u00eda por la Universidad de Salamanca (2021), con calificaci\u00f3n sobresaliente Cum Laude, Graduado en Criminolog\u00eda por la misma universidad (2016) y M\u00e1ster en An\u00e1lisis y Prevenci\u00f3n del Crimen por la Universidad Miguel Hern\u00e1ndez (2017). Mi perfil profesional se sit\u00faa en la intersecci\u00f3n entre la academia, la investigaci\u00f3n aplicada y los \u00e1mbitos de la [&hellip;]<\/p>\n","protected":false},"author":1,"featured_media":0,"parent":0,"menu_order":0,"comment_status":"closed","ping_status":"closed","template":"","meta":{"footnotes":""},"class_list":["post-103","page","type-page","status-publish","hentry"],"_links":{"self":[{"href":"http:\/\/lmsanchezgil.com\/index.php?rest_route=\/wp\/v2\/pages\/103","targetHints":{"allow":["GET"]}}],"collection":[{"href":"http:\/\/lmsanchezgil.com\/index.php?rest_route=\/wp\/v2\/pages"}],"about":[{"href":"http:\/\/lmsanchezgil.com\/index.php?rest_route=\/wp\/v2\/types\/page"}],"author":[{"embeddable":true,"href":"http:\/\/lmsanchezgil.com\/index.php?rest_route=\/wp\/v2\/users\/1"}],"replies":[{"embeddable":true,"href":"http:\/\/lmsanchezgil.com\/index.php?rest_route=%2Fwp%2Fv2%2Fcomments&post=103"}],"version-history":[{"count":5,"href":"http:\/\/lmsanchezgil.com\/index.php?rest_route=\/wp\/v2\/pages\/103\/revisions"}],"predecessor-version":[{"id":217,"href":"http:\/\/lmsanchezgil.com\/index.php?rest_route=\/wp\/v2\/pages\/103\/revisions\/217"}],"wp:attachment":[{"href":"http:\/\/lmsanchezgil.com\/index.php?rest_route=%2Fwp%2Fv2%2Fmedia&parent=103"}],"curies":[{"name":"wp","href":"https:\/\/api.w.org\/{rel}","templated":true}]}}